{"id":1772,"date":"2015-10-22T03:34:12","date_gmt":"2015-10-22T03:34:12","guid":{"rendered":"http:\/\/www.decinti.com\/?page_id=1772"},"modified":"2026-03-13T19:21:52","modified_gmt":"2026-03-13T19:21:52","slug":"expos-2","status":"publish","type":"page","link":"https:\/\/www.decinti.com\/en\/expos-2\/","title":{"rendered":"Exposiciones"},"content":{"rendered":"<h4>2026<\/h4>\n<p><strong>HER Stories \u2013 Hidden Narratives<\/strong>, 27 de Febrero al 29 de Marzo de 2026. Birsfelder Museum, Basilea, Suiza.<\/p>\n<h4>2025<\/h4>\n<p><strong>EL BLOQUE: Shakespeare<\/strong>, 14 de Octubre. Museo Iconogr\u00e1fico del Quijote MIQ, Guanajuato, M\u00e9xico. Festival Cervantino<\/p>\n<h4>2024<\/h4>\n<p><strong>Ego dominus tuus<\/strong>, 27 de Septiembre. Museo Iconogr\u00e1fico del Quijote MIQ, Guanajuato, M\u00e9xico.<strong><br \/>\nDespu\u00e9s de Roma, <\/strong>\u00a02 de agosto. Galer\u00eda Casa Maiko, Madrid , Espa\u00f1a.<br \/>\n<strong>Mostra D&#8217;Arte AGORA a cura di Casa Maiko<\/strong>,\u00a0 22 al 27 de junio.\u00a0 Galleria Artheka 32, Roma, Italia.<br \/>\n<a href=\"https:\/\/www.decinti.com\/2024-el-bloque-exposicion-de-pintura-contemporanea\/\"><strong>El BLOQUE, Exposici\u00f3n de pintura contempor\u00e1nea<\/strong><\/a>, 17 abril al 23 de mayo. Museo Casa Diego Rivera, Guanajuato, M\u00e9xico.<\/p>\n<h4>2023<\/h4>\n<p><strong><a href=\"https:\/\/www.decinti.com\/vista\/\">Vida nueva de Dante<\/a>,\u00a0 <\/strong>17 de octubre de 2023 al 11 de febrero de 2024. 51\u00ba Festival Internacional Cervantino. Museo Iconogr\u00e1fico del Quijote MIQ, Guanajuato, M\u00e9xico. https:\/\/elbloque.art\/vida-nueva-de-dante\/<br \/>\n<a href=\"https:\/\/www.decinti.com\/2023-bergkapelle-de-eupen\/\"><strong>Osterausstellung<\/strong>,<\/a> Bergkapelle de Eupen.<\/p>\n<h4>2022<\/h4>\n<p><a href=\"https:\/\/www.decinti.com\/4123-2\/\"><strong>CHEMINEMENT<\/strong><\/a><strong>,<\/strong> Gruppenausstellung der Kreuzweg-K\u00fcnstler: Norbert Huppertz \u2013 Karolien Verheyen \u2013 Andr\u00e9 Paquet \u2013 Petra Michel-Neumann \u2013 Decinti \u2013 Johannes Weber \u2013 Eric Legrain \u2013 Lia Ploumen \u2013 Jacques Thannen \u2013 Nora Huszka \u2013 Sabine Rixen \u2013 Rafael Ramirez-M\u00e1ro \u2013 Carla Windhausen \u2013 Claudine Mertens \u2013 Antonio M\u00e1ro,\u00a017. September 2022 um 18 Uhr mit Begehung des Kreuzweges auf Berg Horeb. Ausstellungsdauer vom 18.9. \u2013 2.10.2022. Dr. Dirk T\u00f6lke, Kunsthistoriker.<br \/>\n<strong>Art Open,<\/strong>\u00a0Sankt Peter und Paul, D\u00fcrener Stra\u00dfe, Eschweiler, Alemania.<br \/>\n<a href=\"https:\/\/www.decinti.com\/station-v-simon-von-zyrene-hilft-jesus-das-kreuz-tragen\/\"><strong>Kreuzweg \u201eBerg Horeb\u201c<\/strong><\/a>, Semana Santa en Eupen, B\u00e9lgica.<\/p>\n<h4>2021<\/h4>\n<p><a href=\"https:\/\/www.decinti.com\/exposicion-gebruder-grimm-und-co\/\"><b>Gebr\u00fcder<\/b><strong>\u00a0Grimm und Co<\/strong><\/a>, del 14 de noviembre al 19 de diciembre de 2021. Galerie Atelier I.S., Walhorn, B\u00e9lgica.<strong><br \/>\n<\/strong><a href=\"https:\/\/www.decinti.com\/belle-art-gallery-2\/\"><strong>Alejandro DeCinti y\u00a0Henriette Hagelskj\u00e6r<\/strong><\/a>, del 3 al 31 de octubre. Belle Art Gallery, Stouby, Dinamarca.<br \/>\n<a href=\"https:\/\/www.decinti.com\/expositie-daspremont-lynden-del-14-de-agosto-al-12-de-septiembre\/\"><strong>Expositie d\u2019Aspremont Lynden<\/strong><\/a>, del 14 de agosto al 12 de septiembre. Castillo\u00a0d\u2019Aspremont Lynden, Oud Rekem, B\u00e9lgica.<\/p>\n<h4>2020<\/h4>\n<p><strong>Encuentros, tres miradas. <\/strong>Heder Contreras, Alejandro Decinti y Oscar Villal\u00f3n<b>.<\/b>\u00a0Espacio Cultural de Acapulco, Guerrero, M\u00e9xico<strong><br \/>\nEncuentros, tres miradas. <\/strong>Heder Contreras, Alejandro Decinti y Oscar Villal\u00f3n.<strong>\u00a0<\/strong>Espacio Cultural de Chilpancingo, Guerrero, M\u00e9xico<br \/>\n<strong>Encuentros, tres miradas. <\/strong>Heder Contreras, Alejandro Decinti y Oscar Villal\u00f3n.\u00a0<strong>\u00a0<\/strong>Espacio Cultural Casa Borda, Taxco de Alarc\u00f3n, Guerrero, M\u00e9xico<br \/>\n<strong><a href=\"https:\/\/www.decinti.com\/3439-2\/\">Auf dem Weg zu Beethoven<\/a>. <\/strong>Abril &#8211; mayo 2020. Galer\u00eda Gabriele Paqu\u00e9, Bonn, Alemania.<\/p>\n<h4>2019<\/h4>\n<p><strong><a href=\"https:\/\/www.decinti.com\/category\/info\/migraciones\/\">Migraciones<\/a>: <\/strong>9 al 27 de Octubre. 47\u00ba Festival Internacional Cervantino. Museo Iconogr\u00e1fico del Quijote, Guanajuato, M\u00e9xico.<strong><br \/>\n<a href=\"https:\/\/www.decinti.com\/belle-art-gallery\/\">Decinti und Ram\u00edrez M\u00e1ro<\/a><\/strong>: 13 de agosto al 10 septiembre. Belle Art Gallery, Stouby, Dinamarca.<strong><br \/>\n<a href=\"https:\/\/www.decinti.com\/2019-jubilaumsausstellung-gabriele-paque-galerie\/\">Jubil\u00e4umsausstellung<\/a><\/strong>: 27 de abril al 8 de julio . Galer\u00eda Gabriele Paqu\u00e9, Bonn, Alemania.<\/p>\n<h4>2018<\/h4>\n<p><strong>Art Open<\/strong>: 24 &#8211; 25 de noviembre de 2018. Feria de arte de Eschweiler, Alemania.<br \/>\n<strong>Algo m\u00e1s que realismo<\/strong>: Adolfo C\u00f3rdoba,\u00a0Agim Sulaj,\u00a0Alejandro Decinti,\u00a0Almudena Mahiques,\u00a0Andr\u00e9s Castellanos,\u00a0Antonio Cazorla,\u00a0Arizabalo,\u00a0Carlos Muro,\u00a0Carmen Mansilla,\u00a0Cortes Antequera,\u00a0Cristobal Le\u00f3n,\u00a0Daniel Parra,\u00a0David Eichenberg,\u00a0Dirk Dzimirsky,\u00a0Eugen Varzic,\u00a0Fernando P\u00e9rez,\u00a0Jacques Bodin,\u00a0Jorge Gallego,\u00a0Jos\u00e9 Enrique Gonzalez,\u00a0Jos\u00e9 Gonz\u00e1lez Bueno,\u00a0Katarzyna Adamiak-Jasnikowska,\u00a0Luis Feo,\u00a0Manuel Castillero,\u00a0Miriam Escofet,\u00a0Pedro del Toro,\u00a0Roberto Carrillo,\u00a0Roberto Ferry, 8 de noviembre al 5 de diciembre de 2018 en sala de exposiciones de la Agrupaci\u00f3n Art\u00edstica Aragonesa, Zaragoza, Espa\u00f1a.<br \/>\n<a href=\"https:\/\/www.decinti.com\/image-and-imagination-china-europe-culture-and-art-exchange-exhibition\/\"><strong>Image and Imagination. China-Europe Culture and Art Exchange Exhibition<\/strong>: <\/a>Alejandro DeCinti, Antonio DeCinti, Oscar Villal\u00f3n, Cao Yang, Feng Mingqing, Liu Chengchuan, Liu Jiawei, Liu Xun, Long Fei, Yang Ruihong, Yang Yong Zhuang Zi, 9 de septiembre en\u00a0C\u00edrculo de Bellas Artes, Madrid, Espa\u00f1a.<strong><a href=\"https:\/\/www.decinti.com\/petershof\/\"><br \/>\nInter&amp;National Artists en Petershof<\/a><\/strong>:\u00a0Linda El Miligy, Mary Collins, Simona Deflorin,\u00a0Odil Jonas,\u00a0Veronica Ar\u00eds,\u00a0Alejandro Decinti,\u00a0Attila Vojnits,\u00a0Rafael Ram\u00edrez M\u00e1ro,\u00a011 de Julio al 1 de Septiembre en <a href=\"http:\/\/www.petershof.ch\/\">Myriart Gallery, Petershof<\/a>, Basilea, Suiza.<br \/>\n<strong><a href=\"http:\/\/www.decinti.com\/2018-metamorphosen-burg-galerie-burg-stolberg-aachen-deutschland\/\">900 Jahre Stolberg<\/a>, <\/strong>10 de Junio al 30 de Junio en\u00a0Burg-Galerie, Burg Stolberg, Aachen, Alemania.<br \/>\n<a href=\"http:\/\/www.decinti.com\/%D0%B2%D1%8B%D1%81%D1%82%D0%B0%D0%B2%D0%BA%D0%B0-%D1%82%D1%8C%D0%BC%D0%B0licnt\/\"><strong>Luz y sombra<\/strong>: <\/a>Alexey Shpakovsky, Irina Malukova, Alexey Shpakovsky, Tatiana Deinekina, Sergei Shulga, Yuri Barykin, Anatoly Rudakov, Valentin Afanasyev, Vladimir Sychev, Tatiana Nelyubina, Alexander Kopanev, Michail Belov, Alejandro DeCinti, Rafael Ram\u00edrez M\u00e1ro, 27 de abril a 27 de mayo de 2018. RHWK Russisches Haus der Wissenschaft und Kultur in Berlin, Deutschland.<br \/>\n<strong><a title=\"NordArt International Art Exhibition 2016\" href=\"http:\/\/www.decinti.com\/nordart-international-art-exhibition-2016\/\">NordArt International Art Exhibition<\/a><\/strong>, 09 de junio al 07 de octubre de 2018. <a title=\"Galerie\" href=\"http:\/\/www.nordart.de\/en\/\">NordArt<\/a>, B\u00fcdelsdorf, Deutschland.<br \/>\n<a href=\"http:\/\/www.decinti.com\/square-8-1-variety\/\"><strong>Square 8 1 Variety<\/strong>: <\/a>Ludwig Schaffrath, Kiki Bragard, Viktor Popov, Simone Campos, Alejandro DeCinti, Piet Hodiamont, Antonio M\u00e1ro, Rafael Ram\u00edrez-M\u00e1ro, Anja M\u00fcnstermann, 23 de marzo al 31 de mayo de 2018.\u00a0Hotel Pullman Aachen Quellenhof, Aachen, Deutschland.<\/p>\n<h4>2017<\/h4>\n<p><strong>Das Gebet,<\/strong>\u00a0Internationale Kunstausstellung AZ Ephata. 14 de octubre al 15 de noviembre 2017.\u00a0 Alter Schlachthof Kulturzentrum Eupen. Belgien.<br \/>\n<strong><a href=\"http:\/\/www.decinti.com\/2017-metamorphosen-sala-chile-emabjada-de-chile-berlin\/\">Las Metamorfosis<\/a><\/strong>, septiembre y octubre 2017. Sala Chile, Embajada de Chile, Berl\u00edn, Alemania.<br \/>\n<strong>Brasil Art &amp; Latin Specials:\u00a0<\/strong>Simone Campos, L\u00facia Hinz, Rafael Ram\u00edrez M\u00e1ro,mAntonio M\u00e1ro und Alejandro DeCinti. , 31 de julio al 09 de agosto de 2017. 30works Galerie I, K\u00f6ln, Germany.<br \/>\n<strong><a href=\"http:\/\/www.decinti.com\/2017-das-narrenshiff-burg-hochosterwitz-austria\/\">Das Narrenschiff<\/a><\/strong>, junio &#8211; noviembre 2017. Burggalerie, Burg Hochosterwitz, Austria.<br \/>\n<strong> \u00d3scar Villal\u00f3n y Alejandro DeCinti: Miradas complementarias<\/strong>, 26 de abril al 01 de mayo de 2017. Espacio Galer\u00edas. Centro Cultural La C\u00e1rcel, Segovia, Espa\u00f1a.<\/p>\n<h4>2016<\/h4>\n<p><strong><a title=\"2016 Art Open, Eschweiler\" href=\"http:\/\/www.decinti.com\/2016-art-open-eschweiler\/\">Fantas\u00eda<\/a><\/strong>, 26 al 27 de noviembre de 2016. <a href=\"http:\/\/www.artopen-eschweiler.de\/\">Art Open<\/a>, Eschweiler, Germany.<br \/>\n<strong><a title=\"2016 Miradas Complementarias \u2013 Galer\u00eda Arauco, N\u00fcrenberg\" href=\"http:\/\/www.decinti.com\/2016-miradas-complementarias-galeria-arauco-nurenberg\/\">Miradas Complementarias<\/a><\/strong>, 16 de septiembre. <a title=\"Galerie\" href=\"http:\/\/arauco.de\/kunst\">Galerie Arauco<\/a>, N\u00fcrenberg, Germany.<br \/>\n<strong><a title=\"2016 Metamorphose \u2013 Galeria Gabriele Paqu\u00e9, Bonn\" href=\"http:\/\/www.decinti.com\/2016-metamorphose\/\">Las Metamorfosis<\/a><\/strong>, 03 de septiembre al 17 de diciembre de 2016. <a title=\"Galerie\" href=\"http:\/\/paque-klavier.de\/galerie\/\">Galerie Gabriele Paqu\u00e9<\/a>, Bonn, Germany.<br \/>\n<strong><a title=\"2016 Antonio und Alejandro DeCinti, Rafael Ram\u00edrez M\u00e1ro \u2013 Burg Stolberg, Aachen\" href=\"http:\/\/www.decinti.com\/2016-artibus-3-stolberg\/\">Antonio und Alejandro DeCinti, Rafael Ram\u00edrez M\u00e1ro<\/a><\/strong>, 21 de Agosto al 02 de Octubre de 2016. Burggalerie Burg Stolberg, Aachen, Germany.<br \/>\n<strong>Das Gebet<\/strong> Ausstellung in Z\u00fclpich. Katholischen Kirche Sankt Peter. Ein Konzert in der evangelischen Christuskirche. CART.GALLERY. St.-Nikolaus- Stift Kloster.<br \/>\n<strong><a title=\"NordArt International Art Exhibition 2016\" href=\"http:\/\/www.decinti.com\/nordart-international-art-exhibition-2016\/\">NordArt International Art Exhibition<\/a><\/strong>, 04 de Junio al 09 de Octubre de 2016. <a title=\"Galerie\" href=\"http:\/\/www.nordart.de\/en\/\">NordArt<\/a>, B\u00fcdelsdorf, Germany.<\/p>\n<h4>2015<\/h4>\n<p><strong><a title=\"2015 Las Metamorfosis \u2013 Burggalerie Burg Stolberg, Aachen\" href=\"http:\/\/www.decinti.com\/2015-las-metamorfosis-burggalerie-burg-stolberg-aachen\/\">Las Metamorfosis<\/a><\/strong>, 18 de Octubre al 15 de Noviembre de 2015, Burg Stolberg, Aachen, Alemania.<br \/>\n<strong><a title=\"2015 Das Narrenshiff \u2013 Embajada de Chile, Berl\u00edn\" href=\"http:\/\/www.decinti.com\/2015-das-narrenshiff-embajada-de-chile-berlin\/\">Das Narrenschiff<\/a><\/strong>, 8. Septiembre al 30. Octubre 2015 en Embajada de Chile, Berl\u00edn, Alemania.<br \/>\n<strong><a title=\"2015 Das Narrenshiff \u2013 Gabriele Paque Galerie\" href=\"http:\/\/www.decinti.com\/2015-das-narrenshiff-gabriele-paque-galerie\/\">Das Narrenshiff<\/a><\/strong>, 18. April bis 04. Juli 2015. <a title=\"Galerie\" href=\"http:\/\/paque-klavier.de\/galerie\/\">Galerie Gabriele Paqu\u00e9<\/a>, Bonn, Germany.<br \/>\n<strong>Das Gebet<\/strong>, vom 22. Februar bis zum 7. April in der Kirche St.-Vitus-Gemeinde. L\u00f6ningen, Deutschland.<br \/>\n<strong>Siringa<\/strong>. Espacio Cultural Ronda, Madrid, Espa\u00f1a.<\/p>\n<h4>2014<\/h4>\n<p><strong><a title=\"2014 Das Narrenshiff \u2013 Burggalerie Burg Stolberg, Aachen\" href=\"http:\/\/www.decinti.com\/2014-das-narrenshiff-burggalerie-burg-stolberg-aachen\/\">Das Narrenschiff<\/a><\/strong>, Burg-Galerie auf Burg Stolberg. Sonntag, d. 12. Oktober 2014 \u2013 16 Uhr. Konzert: Sonaten f\u00fcr Violine und Klavier um 16.00 Uhr im Rittersaal der Burg Stolberg. Interpreten: Anne Sophie Lemaire (Violine), Rafael Theissen (Klavier) in der Burg-Galerie auf Burg Stolberg. Gru\u00dfworte: Max Krieger, Hildegard Nie\u00dfen (ehem. stv. B\u00fcrgermeisterin der Stadt Stolberg), J. Luis Alvarez (ehem. Prokurist und Werksleiter von KME Stolberg). Einf\u00fchrung: Prof. Rafael Ram\u00edrez-M\u00e1ro, Kurator der ARTIBUS-Ausstellungen 2014<\/p>\n<h4>2013<\/h4>\n<p><strong>Pablo Picasso, Originalradierungen,Rafael Ramirez, Gem\u00e4lde und Zeichnungen.Alejandro Decinti, Gem\u00e4lde<\/strong>, K\u00fcnstlerische Ansichten aus unterschiedlichen Blickwinkeln zum Meisterwerk der Weltliteratur: LA CELESTINA Wir bitten Sie und Ihre Freunde zur Vernissage am Donnerstag, 17.Oktober 2013, 18.30 Uhr, in die R\u00e4ume von Merck Finck &amp; Co Privatbankiers.<br \/>\n<strong>Das Gebet<\/strong>, exhibition of the EVBK e.V. Europ\u00e4ische Vereinigung Bildender K\u00fcnstler aus Eifel und Ardennen: Katholische Pfarrgemeinde St.Medard Bendorf, Evangelische Kirchengemeinde Bendorf, Marienhaus Klinikum Bendorf, T\u00fcrkisch-lslamischer Kulturverein e.V., Am Rottchenshammer 58, Bendorf-M\u00fclhofen, Katholische Pfarrgemeinde Sayn, Schloss Sayn,Schlosskapelle, Rheinisches Eisenkunstguss-Museum der Stadt Bendorf (im Schloss Sayn).<\/p>\n<h4>2012<\/h4>\n<p><strong>Exposici\u00f3n permanente<\/strong>, DeArtibus, Barcelona. Espa\u00f1a.<\/p>\n<h4>2011<\/h4>\n<p><strong>La Celestina en el Arte Moderno. Una tragicomedia del Renacimiento, Grabados de Pablo Picasso. Pinturas de : Antonio M\u00e1ro \/ Rafael Ram\u00edrez M\u00e1ro \/ Alejandro DeCinti<\/strong>, Castillo. Hochhosterwitz, Carintia. Austria www.burg-hochosterwitz.com.<br \/>\n<strong>Antonio M\u00e1ro, Rafael Ram\u00edrez M\u00e1ro, Alejandro DeCinti<\/strong>, EPO European Patent Office. Viena, Austria.<\/p>\n<h4>2010<\/h4>\n<p><strong>Khevenh\u00fcller, Temporis pons per saecula. Arte en Hochosterwitz<\/strong>, Alejandro DeCinti \/ Lorenz Friedrich \/ Rafael Ram\u00edrez M\u00e1ro \/ Oscar Villal\u00f3n Castillo. Hochhosterwitz, Carintia, Austria www.burg-hochosterwitz.com<br \/>\n<strong> Bicentenario de Chile: Marcela Fuentes Perivancich \/ Flavia Totoro \/ Alejandro Decinti \/ Oscar Villal\u00f3n. <\/strong>Centro Cultural Antonio Machado, Legan\u00e9s, Espa\u00f1a.<br \/>\n<strong><a href=\"http:\/\/www.evbk.org\" target=\"_blank\" rel=\"noopener\">52th exhibition of the EVBK e.V<\/a><\/strong>, Europ\u00e4ische Vereinigung Bildender K\u00fcnstler aus Eifel und Ardennen.<br \/>\n<strong>Latin American Artists<\/strong>, EPO European Patent Office. Deen Haag, Neederlands.<\/p>\n<h4>2009<\/h4>\n<p><strong>Antonio M\u00e1ro \/ Decinti \/ Ram\u00edrez M\u00e1ro<\/strong>, Schlo\u00df Burghau. D\u00fcren, Germany.<br \/>\n<strong>Quartett: Antonio M\u00e1ro, Rafael Ram\u00edrez, Ernesto M\u00e1rques, Alejandro Decinti<\/strong>, Red Point Galerie.Jullich, Germany.<br \/>\n<strong>Burst of passion: Antonio M\u00e1ro \/ Ram\u00edrez M\u00e1ro \/ Georg Viktor \/ Alejandro Decinti<\/strong>, Steinweg Gallerie.Stolberg, Germany.<br \/>\n<strong>Latin American Artists<\/strong>, EPO European Patent Office. Deen Haag, Neederlands.<br \/>\n<strong><a href=\"http:\/\/www.feriachaco.cl\" target=\"_blank\" rel=\"noopener\">1\u00ba Feria Arte Chileno Contempor\u00e1neo CHACO<\/a><\/strong>, Trazos Gallery, Santiago. Chile.<br \/>\n<strong>Alejandro Decinti y Oscar Villal\u00f3n<\/strong>, Rosa Mar\u00edn Gallery, Madrid. Espa\u00f1a.<br \/>\n<strong><a href=\"http:\/\/www.evbk.org\/\" target=\"_blank\" rel=\"noopener\">52th exhibition of the EVBK e.V.<\/a><\/strong>, Europ\u00e4ische Vereinigung Bildender K\u00fcnstler aus Eifel und Ardennenin Pr\u00fcm, on 18th of July 2009<br \/>\n<strong>Dos Maestros del Arte Decinti \/ Ramirez M\u00e1ro aus Stolberg Goes<\/strong>, Sparkasse Aachen. Stolberg, Germany.<br \/>\n<strong><a href=\"http:\/\/www.galeriemokum.com\/Hoofdpagina\" target=\"_blank\" rel=\"noopener\">KrokustetoonstellingSpring Exhibition<\/a><\/strong>, Mokum Gallery, Amsterdam. Holanda. Alejandro Decinti \/ Erkin \/ Ger Eikendal \/ Erik Tierolf \/ Jantina Peperkamp \/ Jan Anton van Dis \/ Onno Boerwinkel \/ Pedro Escalona \/ Peter Hartwig \/Nico Heilijgers \/ Kik Zeiler \/ Yigal Ozeri.<br \/>\n<strong><a href=\"http:\/\/www.dasgebet.eu\/\" target=\"_blank\" rel=\"noopener\">Das Gebet<\/a><\/strong>, Itinerant collective exhibition \/ Elst, Saint-Apolloniakerk Elst und Sint-Pieterskerk Brakel (7. Februar bis 15. Februar) \/ Amberes, Sint- Egidiusgemeenschap Kammenstraat 51 (27. Februar bis 8. M\u00e4rz)\/ Bruselas, Kerk Goede Bijstand und Sint Niklasskerk (14. M\u00e4rz bis 4. April).<\/p>\n<h4>2008<\/h4>\n<p><strong><a href=\"http:\/\/www.dasgebet.eu\/\" target=\"_blank\" rel=\"noopener\">Das Gebet<\/a><\/strong>, Exposici\u00f3n colectiva itinerante \/ Hasselt, Pastoral Centrum(12. Dezember bis 28. Januar)<br \/>\n<strong>Ingenieros y constructores navales espa\u00f1oles<\/strong>, LXXVAniversario de la Ingenier\u00eda Naval Civil, LX Aniversario de la actual escuela, Asociaci\u00f3n de Ingenieros Navales y Oce\u00e1nicos de Espa\u00f1a. Universidad Polit\u00e9cnica de Madrid.<br \/>\n<strong>Tanz der H\u00e4nde<\/strong>,Art Hotel Superior, Aachen. Germany.<br \/>\n<strong><a href=\"..\/english\/realisme.html\">Fair Realisme 08, January 16 &#8211; 20, 2008<\/a><\/strong>,Passenger Terminal Amsterdam Galer\u00eda Mokum, Amsterdam. Holanda.<\/p>\n<h4>2007<\/h4>\n<p><strong><a href=\"http:\/\/picasaweb.google.es\/decinti\/ExhibitionEnworGallery\" target=\"_blank\" rel=\"noopener\">Obra reciente<\/a><\/strong>, Galer\u00eda Enwor, Herzogenrath, Aachen. Germany.<br \/>\n<strong><a href=\"http:\/\/www.aachenerkunstroute.de\" target=\"_blank\" rel=\"noopener\">Aachener Kunstroute 2007<\/a><\/strong><a href=\"http:\/\/www.aachenerkunstroute.de\">, <\/a>Galeria Il Quadro, Sandro Mugavero, Aachen. Germany.<br \/>\n<strong><a href=\"..\/english\/panorama.html\" target=\"_self\" rel=\"noopener\">Meister des zeitgen\u00f6ssischen Realismus in Spanien:\u00a0<\/a><\/strong>Amalia Avia, Cristian Avil\u00e9s, Daniel Aguirre-Aceval, Alejandro Decinti, Carlos D\u00edaz, C\u00e9sar Galicia, Clara Gangutia, Jes\u00fas Ib\u00e1\u00f1ez, Antonio L\u00f3pez, Luis Marsans, Mar\u00eda Moreno, Pedro Moreno Meyerhoff, Guillermo Mu\u00f1oz, Alejandro Quincoces, Isabel Quintanilla, Josep Roca-Sastre<strong><a href=\"..\/english\/panorama.html\">, <\/a> <\/strong>Panorama Museum. Bad Frankenhausen, Germany. 16. Juni bis 23. September 2007 <a href=\"..\/english\/consolato.html\" target=\"_self\" rel=\"noopener\"><br \/>\n<strong>Un Italien en Espagne<\/strong><\/a>, L\u2019 Atelier D\u2019 Emmanuelle, Li\u00e8ge, B\u00e9lgica. Consolato Generale d&#8217;Italia a Liegi, in collaborazione con la Citt\u00e0 di Liegi (Assessorato alla Cultura) e le sei gallerie d&#8217;arte storiche del centro citt\u00e0.<br \/>\n<strong><a href=\"..\/english\/pequenaamerica.html\" target=\"_self\" rel=\"noopener\">Peque\u00f1a Am\u00e9rica, obra de Alejandro Decinti<\/a><\/strong>, L\u2019 Atelier D\u2019 Emmanuelle. Li\u00e8ge, B\u00e9lgica.<\/p>\n<h4>2006<\/h4>\n<p><strong>Formas y M\u00e9todos<\/strong>, Escuela T\u00e9cnica Superior de Ingenieros Navales. Madrid, Espa\u00f1a.<\/p>\n<p><strong>Decinti vive !<\/strong>, Galer\u00eda Ana Samar\u00e1n. Madrid, Espa\u00f1a.<\/p>\n<h4>2005<\/h4>\n<p><strong>Jogo de dados<\/strong>, Espa\u00e7o Vasco Prado. Casa de Cultura M\u00e1rio Quintana, Porto Alegre, Brazil.<br \/>\n<strong>Tendecias<\/strong>, Galer\u00eda Publicaciones Europeas de Arte (PEA). Madrid, Espa\u00f1a.<br \/>\n<strong>Hispanidad \u2013 realismo spagnolo<\/strong>, Galleria 44. Torino, Italia.<br \/>\n<strong>Tetralog\u00eda della Natura: Terra <\/strong>, Galleria Marieschi.Mil\u00e1n, Italia.<\/p>\n<h4>2004<\/h4>\n<p><strong>Juego de Dados Juego Aleatorio<\/strong>, Ateneu Cultural Fort Pienc. Barcelona, Espa\u00f1a.<br \/>\n<strong>Tetralog\u00eda della Natura: I\u00b4 fuoco<\/strong>, ArteFiera de Bologna. Bolonia, Italia.<br \/>\n<strong>Tetralog\u00eda della Natura: I\u00b4 fuoco<\/strong>, Galleria Marieschi. Mil\u00e1n, Italia.<br \/>\n<strong>Miradas Complementarias<\/strong>, Galer\u00eda Ana Samar\u00e1n. Madrid, Espa\u00f1a.<\/p>\n<h4>2003<\/h4>\n<p><strong>Tetralog\u00eda da la Natura: l\u00b4acqua<\/strong>, Galleria Marieschi. Mil\u00e1n, Italia.<br \/>\n<strong>Tetralog\u00eda da la Natura: l\u00b4acqua<\/strong>, ArteFiera de Bologna 2003. Galleria Marieschi. Bolonia, Italia Representante de la Galer\u00eda Marieschi en el certamen ArteFiera Under 30, organizado por el Kunst-Werke de Berlin. Bolonia, Italia. LXXIII Aniversario de la Fuerza A\u00e9rea de Chile. Hotel Meli\u00e1 Castilla. Madrid, Espa\u00f1a.<br \/>\n<strong>La Academia<\/strong>, Centro Cultural Moncloa. Madrid, Espa\u00f1a.<br \/>\n<strong>Obras y Procesos<\/strong>, Galer\u00eda Ana Samar\u00e1n. Madrid, Espa\u00f1a.<br \/>\n<strong>Exposici\u00f3n Colectiva<\/strong>, Galer\u00eda Ana Samar\u00e1n. Madrid, Espa\u00f1a.<\/p>\n<h4>2002<\/h4>\n<p><strong>La Escuela de Chinch\u00f3n<\/strong>, Galer\u00eda Ansorena. Madrid, Espa\u00f1a.<br \/>\n<strong>La Scuola di Chinch\u00f3n<\/strong>, Galleria Marieschi. Mil\u00e1n. Italia.<br \/>\n<strong>La Escuela de Chinch\u00f3n 2002<\/strong>, Fundaci\u00f3n Arauco en colaboraci\u00f3n con la Galer\u00eda Ansorena. Chinch\u00f3n, Espa\u00f1a.<br \/>\n<strong>Exposici\u00f3n de Navidad<\/strong>, La Academia. Fundaci\u00f3n Arauco. Chinch\u00f3n, Espa\u00f1a.<\/p>\n<h4>2001<\/h4>\n<p><strong>\u00d3leos y Peque\u00f1os Estudios de Taller<\/strong>, Fundaci\u00f3n Arauco. Chinch\u00f3n, Espa\u00f1a.<\/p>\n<h4>1998<\/h4>\n<p><strong>Vislumbres de la Verdad<\/strong>, Universidad Central. Santiago, Chile.<\/p>\n<h4>1997<\/h4>\n<p><strong>El Hombre y su Sue\u00f1o<\/strong>, Corporaci\u00f3n Cultural de \u00d1u\u00f1oa. Santiago, Chile.<\/p>\n<h4>1994<\/h4>\n<p><strong>Centro Cultural de la Reina<\/strong>, Santiago, Chile.<\/p>\n<h4>1991<\/h4>\n<p><strong>Instituto de Arte Pedro de la Barra<\/strong>, Santiago, Chile.<\/p>\n","protected":false},"excerpt":{"rendered":"<p>2026 HER Stories \u2013 Hidden Narratives, 27 de Febrero al 29 de Marzo de 2026. Birsfelder Museum, Basilea, Suiza. 2025 EL BLOQUE: Shakespeare, 14 de Octubre. Museo Iconogr\u00e1fico del Quijote MIQ, Guanajuato, M\u00e9xico. Festival Cervantino 2024 Ego dominus tuus, 27 de Septiembre. Museo Iconogr\u00e1fico del Quijote MIQ, Guanajuato, M\u00e9xico. Despu\u00e9s de Roma, \u00a02 de agosto. [&#8230;]<\/p>\n","protected":false},"author":1,"featured_media":0,"parent":0,"menu_order":0,"comment_status":"closed","ping_status":"open","template":"page.beta.php","meta":{"_acf_changed":false,"footnotes":""},"acf":[],"jetpack_sharing_enabled":true,"_links":{"self":[{"href":"https:\/\/www.decinti.com\/en\/wp-json\/wp\/v2\/pages\/1772"}],"collection":[{"href":"https:\/\/www.decinti.com\/en\/wp-json\/wp\/v2\/pages"}],"about":[{"href":"https:\/\/www.decinti.com\/en\/wp-json\/wp\/v2\/types\/page"}],"author":[{"embeddable":true,"href":"https:\/\/www.decinti.com\/en\/wp-json\/wp\/v2\/users\/1"}],"replies":[{"embeddable":true,"href":"https:\/\/www.decinti.com\/en\/wp-json\/wp\/v2\/comments?post=1772"}],"version-history":[{"count":71,"href":"https:\/\/www.decinti.com\/en\/wp-json\/wp\/v2\/pages\/1772\/revisions"}],"predecessor-version":[{"id":7248,"href":"https:\/\/www.decinti.com\/en\/wp-json\/wp\/v2\/pages\/1772\/revisions\/7248"}],"wp:attachment":[{"href":"https:\/\/www.decinti.com\/en\/wp-json\/wp\/v2\/media?parent=1772"}],"curies":[{"name":"wp","href":"https:\/\/api.w.org\/{rel}","templated":true}]}}