{"id":228,"date":"2013-04-01T14:51:54","date_gmt":"2013-04-01T14:51:54","guid":{"rendered":"http:\/\/site.decinti.com\/?page_id=228"},"modified":"2024-09-01T12:32:10","modified_gmt":"2024-09-01T12:32:10","slug":"exposiciones-relevantes","status":"publish","type":"page","link":"https:\/\/www.decinti.com\/en\/","title":{"rendered":"Featured exhibitions"},"content":{"rendered":"<p><a href=\"http:\/\/www.decinti.com\/2017-metamorphosen-sala-chile-emabjada-de-chile-berlin\/\"><img loading=\"lazy\" decoding=\"async\" class=\"aligncenter size-full wp-image-2621\" src=\"http:\/\/www.decinti.com\/wp-content\/uploads\/2013\/04\/metamorphoseon.jpg\" alt=\"\" width=\"1600\" height=\"564\" \/><\/a><\/p>\n<h4><a href=\"http:\/\/www.decinti.com\/obra\/las-metamorfosis\/\">Las Metamorfosis de Ovidio<\/a>: Exposici\u00f3n individual de pinturas de Alejandro DeCinti<\/h4>\n<h4><\/h4>\n<p><strong>Berlin<\/strong>. El lunes 4 de septiembre se inaugur\u00f3 en la Sala Chile de la Embajada de Chile en Alemania, la exposici\u00f3n &#8220;Metamorfosis&#8221;, muestra que presenta obras del artista chileno Alejandro DeCinti. Para la creaci\u00f3n de sus obras, el artista encontr\u00f3 inspiraci\u00f3n en la literatura grecorromana, particularmente en las &#8220;Metamorfosis&#8221; del poeta romano Ovidio, que es poema en quince libros que narra la historia del mundo desde su creaci\u00f3n hasta la deificaci\u00f3n de Julio C\u00e9sar, combinando con libertad mitolog\u00eda e historia. Las obras de DeCinti son de formato mediano y combinan diferentes estilos de pintura propios del Renacimiento y del Barroco. En los lienzos, es posible admirar una mezcla de t\u00e9cnicas que mantienen la tradici\u00f3n de la pintura al \u00f3leo. La exposici\u00f3n estar\u00e1 abierta al p\u00fablico desde el 04 de septiembre al 4 de noviembre en la Sala Chile, ubicada en las dependencias de la Embajada de Chile en Alemania (Mohrenstra\u00dfe 42, 10117 Berl\u00edn &#8211; Planta Baja).<\/p>\n<h4><\/h4>\n<p><a href=\"http:\/\/www.decinti.com\/obra\/ciclo-nave-de-necios\/\"><img loading=\"lazy\" decoding=\"async\" class=\"aligncenter size-full wp-image-2625\" src=\"http:\/\/www.decinti.com\/wp-content\/uploads\/2013\/04\/dasnarrenshiff.jpg\" alt=\"\" width=\"1600\" height=\"564\" \/><\/a><\/p>\n<h4><\/h4>\n<h4><a href=\"http:\/\/www.decinti.com\/obra\/ciclo-nave-de-necios\/\">Nave de Necios<\/a>: Exposici\u00f3n de pinturas de Rafael Ram\u00edrez M\u00e1ro y Alejandro DeCinti<\/h4>\n<h4><\/h4>\n<p><strong>Sankt Georgen am L\u00e4ngsee<\/strong>, 1 de junio de 2017. En la galer\u00eda del Castillo Hochosterwitz, Austria, la exposici\u00f3n &#8220;Nave de Necios&#8221;, muestra inspirada en la literatura medieval, particularmente en la s\u00e1tira &#8220;La nave de los locos&#8221; del te\u00f3logo Sebastian Brant. Las obras son de gran formato y combinan diferentes estilos de pintura propios del Renacimiento y del Barroco. La exposici\u00f3n estar\u00e1 abierta al p\u00fablico desde el 1 de junio al 1 de noviembre en el <a href=\"http:\/\/www.burg-hochosterwitz.com\/de\/veranstaltungen\/\" target=\"_blank\" rel=\"noopener\">Castillo Hochosterwitz<\/a>, el edificio hist\u00f3rico emblem\u00e1tico de Carintia, Austria.<\/p>\n<h4><\/h4>\n<h3>Libros<\/h3>\n<h6><img loading=\"lazy\" decoding=\"async\" class=\"size-thumbnail wp-image-2095 alignleft\" src=\"http:\/\/www.decinti.com\/wp-content\/uploads\/2013\/04\/decinti-121x150.jpg\" alt=\"decinti\" width=\"121\" height=\"150\" srcset=\"https:\/\/www.decinti.com\/wp-content\/uploads\/2013\/04\/decinti-121x150.jpg 121w, https:\/\/www.decinti.com\/wp-content\/uploads\/2013\/04\/decinti-646x800.jpg 646w, https:\/\/www.decinti.com\/wp-content\/uploads\/2013\/04\/decinti.jpg 732w\" sizes=\"(max-width: 121px) 100vw, 121px\" \/>DeCinti. Obras 2001-2015<\/h6>\n<h6><\/h6>\n<p>M\u00e1s de 100 obras con detalles.<br \/>\nPinturas de Alejandro DeCinti, con texto cr\u00edtico de Ra\u00fal Alonso y cuento de Luis Nu\u00f1o<br \/>\nEditorial: DV Madrid<br \/>\nLengua: Espa\u00f1ol<br \/>\nEncuadernaci\u00f3n: Tapa dura. 164 p\u00e1ginas.<br \/>\nA\u00f1o edici\u00f3n: 2016<br \/>\nLugar: Espa\u00f1a<br \/>\n<a href=\"http:\/\/www.artedv.com\">www.artedv.com<\/a><\/p>\n<p>&nbsp;<\/p>\n<h6><a href=\"http:\/\/es.scribd.com\/doc\/57995039\/Hochosterwitz-Exhibition-German-Version\"><img loading=\"lazy\" decoding=\"async\" class=\"alignleft\" src=\"http:\/\/site.decinti.com\/wp-content\/uploads\/2013\/04\/Hochosterwitz-121x150.png\" alt=\"Hochosterwitz\" width=\"121\" height=\"150\" \/><\/a>La Celestina en el Arte Moderno. Una tragicomedia del Renacimiento<\/h6>\n<p>Grabados de Pablo Picasso.<br \/>\nPinturas de: Antonio M\u00e1ro,\u00a0Rafael Ram\u00edrez M\u00e1ro,\u00a0Alejandro DeCinti<br \/>\nEditorial: Burg Hochosterwitz Museum<br \/>\nLengua: Alem\u00e1n<br \/>\nEncuadernaci\u00f3n: Tapa blanda &#8211; doble. 100 p\u00e1ginas.<br \/>\nA\u00f1o edici\u00f3n: 2011<br \/>\nLugar: Austria<br \/>\n<a title=\"Burg Hochosterwitz\" href=\"http:\/\/www.burg-hochosterwitz.com\">www.burg-hochosterwitz.com<\/a><\/p>\n<p>&nbsp;<\/p>\n<h6><img loading=\"lazy\" decoding=\"async\" class=\"size-thumbnail wp-image-2093 alignleft\" src=\"http:\/\/www.decinti.com\/wp-content\/uploads\/2013\/04\/temporis-pons-121x150.jpg\" alt=\"temporis pons\" width=\"121\" height=\"150\" srcset=\"https:\/\/www.decinti.com\/wp-content\/uploads\/2013\/04\/temporis-pons-121x150.jpg 121w, https:\/\/www.decinti.com\/wp-content\/uploads\/2013\/04\/temporis-pons.jpg 526w\" sizes=\"(max-width: 121px) 100vw, 121px\" \/>Khevenhueller. Temporis pons per saecula<\/h6>\n<p>Grabados de Pablo Picasso.<br \/>\nPinturas de: Rafael Ram\u00edrez M\u00e1ro, Oscar Villal\u00f3n y Alejandro DeCinti<br \/>\nEditorial: Burg Hochosterwitz Museum<br \/>\nLengua: Alem\u00e1n<br \/>\nEncuadernaci\u00f3n: Tapa blanda &#8211; doble. 86 p\u00e1ginas<br \/>\nA\u00f1o edici\u00f3n: 2011<br \/>\nLugar: Austria<br \/>\n<a title=\"Burg Hochosterwitz\" href=\"http:\/\/www.burg-hochosterwitz.com\">www.burg-hochosterwitz.com<\/a><\/p>\n<p>&nbsp;<\/p>\n<h6><a href=\"http:\/\/www.panorama-museum.de\/artikeldetail\/kategorie\/kataloge\/artikel\/im-licht-der-wirklichkeit-zeitgenoessischer-realismus-in-spanien.html\"><img loading=\"lazy\" decoding=\"async\" class=\"alignleft\" src=\"http:\/\/site.decinti.com\/wp-content\/uploads\/2013\/04\/panorama-120x150.png\" alt=\"panorama\" width=\"120\" height=\"150\" \/><\/a>EN LA LUZ DE LA REALIDAD: Realismo Contempor\u00e1neo en Espa\u00f1a<\/h6>\n<p>Amalia Avia, Cristian Avil\u00e9s, Daniel Aguirre-Aceval, Alejandro Decinti, Carlos D\u00edaz, C\u00e9sar Galicia, Clara Gangutia, Jes\u00fas Ib\u00e1\u00f1ez, Antonio L\u00f3pez, Luis Marsans, Mar\u00eda Moreno, Pedro Moreno Meyerhoff, Guillermo Mu\u00f1oz, Alejandro Quincoces, Isabel Quintanilla, Josep Roca-Sastre.\u00a0Importante exposici\u00f3n en Alemania con los pintores famosos de Espa\u00f1a<br \/>\nEditorial: Panorama Museum<br \/>\nLengua: Alem\u00e1n<br \/>\nEncuadernaci\u00f3n: Tapa blanda<br \/>\nA\u00f1o edici\u00f3n: 2007<br \/>\nLugar: Alemania<br \/>\n<a title=\"Panorama Museum\" href=\"http:\/\/www.panorama-museum.de\">www.panorama-museum.de<\/a><\/p>\n<p>&nbsp;<\/p>\n<blockquote><p>&#8220;Por primera vez en Alemania desde hace m\u00e1s de un cuarto de siglo (en la parte oriental del pa\u00eds) con esta completa exposici\u00f3n, comenz\u00f3 el intento de presentar en p\u00fablico una de las principales exposiciones del realismo contempor\u00e1neo en Espa\u00f1a, mediante m\u00e1s de 80 obras seleccionadas de las dos \u00faltimas d\u00e9cadas. Fueron presentadas exclusivamente pinturas y un selecto grupo de dibujos de un conjunto de 19 artistas de tres generaciones, de Madrid (con la inclusi\u00f3n de Chinch\u00f3n) y Barcelona, como los dos centros m\u00e1s importantes hoy en d\u00eda donde se considera que se encuentran los focos del realismo espa\u00f1ol. Los trabajos individuales completan el grupo de maestros que encarna tal vez la m\u00e1s importante escuela de pintores realistas de Europa, una escuela que se considera mientras tanto como hist\u00f3rica: El realismo espa\u00f1ol contempor\u00e1neo&#8230;&#8221; Michael Nunguesser<\/p><\/blockquote>\n<p><\/p>","protected":false},"excerpt":{"rendered":"<p>Las Metamorfosis de Ovidio: Exposici\u00f3n individual de pinturas de Alejandro DeCinti Berlin. El lunes 4 de septiembre se inaugur\u00f3 en la Sala Chile de la Embajada de Chile en Alemania, la exposici\u00f3n &#8220;Metamorfosis&#8221;, muestra que presenta obras del artista chileno Alejandro DeCinti. Para la creaci\u00f3n de sus obras, el artista encontr\u00f3 inspiraci\u00f3n en la literatura [&#8230;]<\/p>\n","protected":false},"author":1,"featured_media":2809,"parent":0,"menu_order":0,"comment_status":"closed","ping_status":"open","template":"page.alpha.php","meta":{"_acf_changed":false,"footnotes":""},"acf":[],"jetpack_sharing_enabled":true,"_links":{"self":[{"href":"https:\/\/www.decinti.com\/en\/wp-json\/wp\/v2\/pages\/228"}],"collection":[{"href":"https:\/\/www.decinti.com\/en\/wp-json\/wp\/v2\/pages"}],"about":[{"href":"https:\/\/www.decinti.com\/en\/wp-json\/wp\/v2\/types\/page"}],"author":[{"embeddable":true,"href":"https:\/\/www.decinti.com\/en\/wp-json\/wp\/v2\/users\/1"}],"replies":[{"embeddable":true,"href":"https:\/\/www.decinti.com\/en\/wp-json\/wp\/v2\/comments?post=228"}],"version-history":[{"count":9,"href":"https:\/\/www.decinti.com\/en\/wp-json\/wp\/v2\/pages\/228\/revisions"}],"predecessor-version":[{"id":3033,"href":"https:\/\/www.decinti.com\/en\/wp-json\/wp\/v2\/pages\/228\/revisions\/3033"}],"wp:featuredmedia":[{"embeddable":true,"href":"https:\/\/www.decinti.com\/en\/wp-json\/wp\/v2\/media\/2809"}],"wp:attachment":[{"href":"https:\/\/www.decinti.com\/en\/wp-json\/wp\/v2\/media?parent=228"}],"curies":[{"name":"wp","href":"https:\/\/api.w.org\/{rel}","templated":true}]}}