{"id":233,"date":"2013-04-01T14:53:54","date_gmt":"2013-04-01T14:53:54","guid":{"rendered":"http:\/\/site.decinti.com\/?page_id=233"},"modified":"2021-02-25T14:41:41","modified_gmt":"2021-02-25T14:41:41","slug":"publicaciones","status":"publish","type":"page","link":"https:\/\/www.decinti.com\/en\/publicaciones\/","title":{"rendered":"Books"},"content":{"rendered":"<h6><img loading=\"lazy\" decoding=\"async\" class=\"size-thumbnail wp-image-2095 alignright\" src=\"http:\/\/www.decinti.com\/wp-content\/uploads\/2013\/04\/decinti-121x150.jpg\" alt=\"decinti\" width=\"121\" height=\"150\" srcset=\"https:\/\/www.decinti.com\/wp-content\/uploads\/2013\/04\/decinti-121x150.jpg 121w, https:\/\/www.decinti.com\/wp-content\/uploads\/2013\/04\/decinti-646x800.jpg 646w, https:\/\/www.decinti.com\/wp-content\/uploads\/2013\/04\/decinti.jpg 732w\" sizes=\"(max-width: 121px) 100vw, 121px\" \/>DeCinti. Obras 2001-2015<\/h6>\n<p>M\u00e1s de 100 obras con detalles.<br \/>\nPinturas de Alejandro DeCinti, con texto cr\u00edtico de Ra\u00fal Alonso y cuento de Luis Nu\u00f1o<br \/>\nEditorial: DV Madrid<br \/>\nLengua: Espa\u00f1ol<br \/>\nEncuadernaci\u00f3n: Tapa dura. 164 p\u00e1ginas.<br \/>\nA\u00f1o edici\u00f3n: 2016<br \/>\nPa\u00eds: Espa\u00f1a<br \/>\n<a href=\"http:\/\/www.artedv.com\">www.artedv.com<\/a><\/p>\n<hr \/>\n<h6><a href=\"http:\/\/es.scribd.com\/doc\/57995039\/Hochosterwitz-Exhibition-German-Version\"><img loading=\"lazy\" decoding=\"async\" class=\"alignright\" src=\"http:\/\/site.decinti.com\/wp-content\/uploads\/2013\/04\/Hochosterwitz-121x150.png\" alt=\"Hochosterwitz\" width=\"121\" height=\"150\" \/><\/a>La Celestina en el Arte Moderno. Una tragicomedia del Renacimiento<\/h6>\n<p>Grabados de Pablo Picasso.<br \/>\nPinturas de: Antonio M\u00e1ro,\u00a0Rafael Ram\u00edrez M\u00e1ro,\u00a0Alejandro DeCinti<br \/>\nEditorial: Burg Hochosterwitz Museum<br \/>\nLengua: Alem\u00e1n<br \/>\nEncuadernaci\u00f3n: Tapa blanda &#8211; doble. 100 p\u00e1ginas.<br \/>\nA\u00f1o edici\u00f3n: 2011<br \/>\nPa\u00eds: Austria<br \/>\n<a title=\"Burg Hochosterwitz\" href=\"http:\/\/www.burg-hochosterwitz.com\">www.burg-hochosterwitz.com<\/a><\/p>\n<hr \/>\n<h6><img loading=\"lazy\" decoding=\"async\" class=\"size-thumbnail wp-image-2093 alignright\" src=\"http:\/\/www.decinti.com\/wp-content\/uploads\/2013\/04\/temporis-pons-121x150.jpg\" alt=\"temporis pons\" width=\"121\" height=\"150\" srcset=\"https:\/\/www.decinti.com\/wp-content\/uploads\/2013\/04\/temporis-pons-121x150.jpg 121w, https:\/\/www.decinti.com\/wp-content\/uploads\/2013\/04\/temporis-pons.jpg 526w\" sizes=\"(max-width: 121px) 100vw, 121px\" \/>La Khevenhueller. Temporis pons per saecula<\/h6>\n<p>Grabados de Pablo Picasso.<br \/>\nPinturas de: Rafael Ram\u00edrez M\u00e1ro, Oscar Villal\u00f3n y Alejandro DeCinti<br \/>\nEditorial: Burg Hochosterwitz Museum<br \/>\nLengua: Alem\u00e1n<br \/>\nEncuadernaci\u00f3n: Tapa blanda &#8211; doble. 86 p\u00e1ginas<br \/>\nA\u00f1o edici\u00f3n: 2010<br \/>\nPa\u00eds: Austria<br \/>\n<a title=\"Burg Hochosterwitz\" href=\"http:\/\/www.burg-hochosterwitz.com\">www.burg-hochosterwitz.com<\/a><\/p>\n<hr \/>\n<h6><a href=\"http:\/\/www.panorama-museum.de\/artikeldetail\/kategorie\/kataloge\/artikel\/im-licht-der-wirklichkeit-zeitgenoessischer-realismus-in-spanien.html\"><img loading=\"lazy\" decoding=\"async\" class=\"alignright\" style=\"margin-top: 10px; margin-bottom: 40px;\" src=\"http:\/\/site.decinti.com\/wp-content\/uploads\/2013\/04\/panorama-120x150.png\" alt=\"panorama\" width=\"120\" height=\"150\" \/><\/a>EN LA LUZ DE LA REALIDAD: Realismo Contempor\u00e1neo en Espa\u00f1a<\/h6>\n<p>Por primera vez en Alemania fue durante m\u00e1s de un cuarto de siglo (incluso en la parte oriental del pa\u00eds, incluso por primera vez) hecha con esta amplia exposici\u00f3n del intento de introducir algunas de las obras m\u00e1s significativas del realismo moderno en Espa\u00f1a. Amalia Avia, Cristian Avil\u00e9s, Daniel Aguirre-Aceval, Alejandro Decinti, Carlos D\u00edaz, C\u00e9sar Galicia, Clara Gangutia, Jes\u00fas Ib\u00e1\u00f1ez, Antonio L\u00f3pez, Luis Marsans, Mar\u00eda Moreno, Pedro Moreno Meyerhoff, Guillermo Mu\u00f1oz, Alejandro Quincoces, Isabel Quintanilla, Josep Roca-Sastre.<br \/>\nEditorial: Panorama Museum<br \/>\nLengua: Alem\u00e1n<br \/>\nEncuadernaci\u00f3n: Tapa blanda<br \/>\nA\u00f1o edici\u00f3n: 2007<br \/>\nPa\u00eds: Alemania<br \/>\n<a href=\"http:\/\/www.panorama-museum.de\/de\/artikeldetail\/kategorie\/kataloge\/artikel\/im-licht-der-wirklichkeit-zeitgenoessischer-realismus-in-spanien.html\">www.panoramamuseum.de<\/a><\/p>\n<hr \/>\n<h1>Cat\u00e1logos de exposiciones<\/h1>\n\n\t\t<style type=\"text\/css\">\n\t\t\t#gallery-1 {\n\t\t\t\tmargin: auto;\n\t\t\t}\n\t\t\t#gallery-1 .gallery-item {\n\t\t\t\tfloat: left;\n\t\t\t\tmargin-top: 10px;\n\t\t\t\ttext-align: center;\n\t\t\t\twidth: 20%;\n\t\t\t}\n\t\t\t#gallery-1 img {\n\t\t\t\tborder: 2px solid #cfcfcf;\n\t\t\t}\n\t\t\t#gallery-1 .gallery-caption {\n\t\t\t\tmargin-left: 0;\n\t\t\t}\n\t\t\t\/* see gallery_shortcode() in wp-includes\/media.php *\/\n\t\t<\/style>\n\t\t<div id='gallery-1' class='gallery galleryid-233 gallery-columns-5 gallery-size-thumbnail'><dl class='gallery-item'>\n\t\t\t<dt class='gallery-icon portrait'>\n\t\t\t\t<img loading=\"lazy\" decoding=\"async\" width=\"75\" height=\"100\" src=\"https:\/\/www.decinti.com\/wp-content\/uploads\/2013\/04\/jpeg-4.jpeg\" class=\"attachment-thumbnail size-thumbnail\" alt=\"\" aria-describedby=\"gallery-1-647\" \/>\n\t\t\t<\/dt>\n\t\t\t\t<dd class='wp-caption-text gallery-caption' id='gallery-1-647'>\n\t\t\t\tTetralog\u00eda della Natura: Terra&#8221; Galleria Marieschi. Mil\u00e1n, Italia.\n\t\t\t\t<\/dd><\/dl><dl class='gallery-item'>\n\t\t\t<dt class='gallery-icon portrait'>\n\t\t\t\t<img loading=\"lazy\" decoding=\"async\" width=\"76\" height=\"100\" src=\"https:\/\/www.decinti.com\/wp-content\/uploads\/2013\/04\/jpeg-8.jpeg\" class=\"attachment-thumbnail size-thumbnail\" alt=\"\" aria-describedby=\"gallery-1-651\" \/>\n\t\t\t<\/dt>\n\t\t\t\t<dd class='wp-caption-text gallery-caption' id='gallery-1-651'>\n\t\t\t\t Tetralog\u00eda della Natura: I\u00b4 fuoco ArteFiera de Bologna Bolonia, Italia.\n\t\t\t\t<\/dd><\/dl><dl class='gallery-item'>\n\t\t\t<dt class='gallery-icon portrait'>\n\t\t\t\t<img loading=\"lazy\" decoding=\"async\" width=\"75\" height=\"100\" src=\"https:\/\/www.decinti.com\/wp-content\/uploads\/2013\/04\/jpeg-1.jpeg\" class=\"attachment-thumbnail size-thumbnail\" alt=\"\" aria-describedby=\"gallery-1-644\" \/>\n\t\t\t<\/dt>\n\t\t\t\t<dd class='wp-caption-text gallery-caption' id='gallery-1-644'>\n\t\t\t\tMiradas  Complementarias Galer\u00eda Ana Samar\u00e1n.  Madrid, Espa\u00f1a.\n\t\t\t\t<\/dd><\/dl><dl class='gallery-item'>\n\t\t\t<dt class='gallery-icon portrait'>\n\t\t\t\t<img loading=\"lazy\" decoding=\"async\" width=\"80\" height=\"100\" src=\"https:\/\/www.decinti.com\/wp-content\/uploads\/2013\/04\/jpeg-2.jpeg\" class=\"attachment-thumbnail size-thumbnail\" alt=\"\" aria-describedby=\"gallery-1-645\" \/>\n\t\t\t<\/dt>\n\t\t\t\t<dd class='wp-caption-text gallery-caption' id='gallery-1-645'>\n\t\t\t\tTetralog\u00eda  de la Natura: l\u00b4acqua Galleria Marieschi.  Bolonia &#038; Milano, Italia .\n\t\t\t\t<\/dd><\/dl><dl class='gallery-item'>\n\t\t\t<dt class='gallery-icon portrait'>\n\t\t\t\t<img loading=\"lazy\" decoding=\"async\" width=\"94\" height=\"100\" src=\"https:\/\/www.decinti.com\/wp-content\/uploads\/2013\/04\/jpeg.jpeg\" class=\"attachment-thumbnail size-thumbnail\" alt=\"\" aria-describedby=\"gallery-1-652\" \/>\n\t\t\t<\/dt>\n\t\t\t\t<dd class='wp-caption-text gallery-caption' id='gallery-1-652'>\n\t\t\t\tLa Academia 2003  Centro Cultural Moncloa.  Madrid, Espa\u00f1a.\n\t\t\t\t<\/dd><\/dl><br style=\"clear: both\" \/><dl class='gallery-item'>\n\t\t\t<dt class='gallery-icon portrait'>\n\t\t\t\t<img loading=\"lazy\" decoding=\"async\" width=\"78\" height=\"100\" src=\"https:\/\/www.decinti.com\/wp-content\/uploads\/2013\/04\/jpeg-6.jpeg\" class=\"attachment-thumbnail size-thumbnail\" alt=\"\" aria-describedby=\"gallery-1-649\" \/>\n\t\t\t<\/dt>\n\t\t\t\t<dd class='wp-caption-text gallery-caption' id='gallery-1-649'>\n\t\t\t\tObras y Procesos 2003 Galer\u00eda Ana Samar\u00e1n.  Madrid, Espa\u00f1a\n\t\t\t\t<\/dd><\/dl><dl class='gallery-item'>\n\t\t\t<dt class='gallery-icon portrait'>\n\t\t\t\t<img loading=\"lazy\" decoding=\"async\" width=\"72\" height=\"100\" src=\"https:\/\/www.decinti.com\/wp-content\/uploads\/2013\/04\/jpeg-5.jpeg\" class=\"attachment-thumbnail size-thumbnail\" alt=\"\" aria-describedby=\"gallery-1-648\" \/>\n\t\t\t<\/dt>\n\t\t\t\t<dd class='wp-caption-text gallery-caption' id='gallery-1-648'>\n\t\t\t\tColectiva  Diciembre 2003  Galer\u00eda Ana Samar\u00e1n.  Madrid, Espa\u00f1a.\n\t\t\t\t<\/dd><\/dl><dl class='gallery-item'>\n\t\t\t<dt class='gallery-icon portrait'>\n\t\t\t\t<img loading=\"lazy\" decoding=\"async\" width=\"82\" height=\"100\" src=\"https:\/\/www.decinti.com\/wp-content\/uploads\/2013\/04\/jpeg-7.jpeg\" class=\"attachment-thumbnail size-thumbnail\" alt=\"\" aria-describedby=\"gallery-1-650\" \/>\n\t\t\t<\/dt>\n\t\t\t\t<dd class='wp-caption-text gallery-caption' id='gallery-1-650'>\n\t\t\t\t Premio BMW  de Pintura  Casa de Vacas  Madrid, Espa\u00f1a.\n\t\t\t\t<\/dd><\/dl><dl class='gallery-item'>\n\t\t\t<dt class='gallery-icon portrait'>\n\t\t\t\t<img loading=\"lazy\" decoding=\"async\" width=\"71\" height=\"100\" src=\"https:\/\/www.decinti.com\/wp-content\/uploads\/2013\/04\/jpeg-3.jpeg\" class=\"attachment-thumbnail size-thumbnail\" alt=\"\" aria-describedby=\"gallery-1-646\" \/>\n\t\t\t<\/dt>\n\t\t\t\t<dd class='wp-caption-text gallery-caption' id='gallery-1-646'>\n\t\t\t\tLa Scuola Di Chinch\u00f3n  Galleria Marieschi.  Mil\u00e1n, Italia. \n\t\t\t\t<\/dd><\/dl><dl class='gallery-item'>\n\t\t\t<dt class='gallery-icon landscape'>\n\t\t\t\t<img loading=\"lazy\" decoding=\"async\" width=\"150\" height=\"105\" src=\"https:\/\/www.decinti.com\/wp-content\/uploads\/2013\/04\/Captura-de-pantalla-completa-02102016-203732-150x105.jpg\" class=\"attachment-thumbnail size-thumbnail\" alt=\"\" aria-describedby=\"gallery-1-2329\" srcset=\"https:\/\/www.decinti.com\/wp-content\/uploads\/2013\/04\/Captura-de-pantalla-completa-02102016-203732-150x105.jpg 150w, https:\/\/www.decinti.com\/wp-content\/uploads\/2013\/04\/Captura-de-pantalla-completa-02102016-203732.jpg 739w\" sizes=\"(max-width: 150px) 100vw, 150px\" \/>\n\t\t\t<\/dt>\n\t\t\t\t<dd class='wp-caption-text gallery-caption' id='gallery-1-2329'>\n\t\t\t\tLatin American Artists\n\t\t\t\t<\/dd><\/dl><br style=\"clear: both\" \/>\n\t\t<\/div>\n\n<hr \/>\n<h5><\/h5>\n<p><a href=\"https:\/\/www.decinti.com\/wp-content\/uploads\/2013\/04\/1-Captura-de-pantalla-completa-06102019-150731.jpg\"><img loading=\"lazy\" decoding=\"async\" class=\"aligncenter size-full wp-image-3328\" src=\"https:\/\/www.decinti.com\/wp-content\/uploads\/2013\/04\/1-Captura-de-pantalla-completa-06102019-150731.jpg\" alt=\"\" width=\"1559\" height=\"1109\" srcset=\"https:\/\/www.decinti.com\/wp-content\/uploads\/2013\/04\/1-Captura-de-pantalla-completa-06102019-150731.jpg 1559w, https:\/\/www.decinti.com\/wp-content\/uploads\/2013\/04\/1-Captura-de-pantalla-completa-06102019-150731-150x107.jpg 150w, https:\/\/www.decinti.com\/wp-content\/uploads\/2013\/04\/1-Captura-de-pantalla-completa-06102019-150731-800x569.jpg 800w, https:\/\/www.decinti.com\/wp-content\/uploads\/2013\/04\/1-Captura-de-pantalla-completa-06102019-150731-768x546.jpg 768w\" sizes=\"(max-width: 1559px) 100vw, 1559px\" \/><\/a> <a href=\"https:\/\/www.decinti.com\/wp-content\/uploads\/2013\/04\/1-Captura-de-pantalla-completa-06102019-151039.jpg\"><img loading=\"lazy\" decoding=\"async\" class=\"aligncenter size-full wp-image-3329\" src=\"https:\/\/www.decinti.com\/wp-content\/uploads\/2013\/04\/1-Captura-de-pantalla-completa-06102019-151039.jpg\" alt=\"\" width=\"799\" height=\"1112\" srcset=\"https:\/\/www.decinti.com\/wp-content\/uploads\/2013\/04\/1-Captura-de-pantalla-completa-06102019-151039.jpg 799w, https:\/\/www.decinti.com\/wp-content\/uploads\/2013\/04\/1-Captura-de-pantalla-completa-06102019-151039-108x150.jpg 108w, https:\/\/www.decinti.com\/wp-content\/uploads\/2013\/04\/1-Captura-de-pantalla-completa-06102019-151039-575x800.jpg 575w, https:\/\/www.decinti.com\/wp-content\/uploads\/2013\/04\/1-Captura-de-pantalla-completa-06102019-151039-768x1069.jpg 768w\" sizes=\"(max-width: 799px) 100vw, 799px\" \/><\/a><\/p>\n<h5>47\u00ba Festival Internacional Cervantino, M\u00e9xico<\/h5>\n<hr \/>\n<p><a href=\"https:\/\/issuu.com\/alejandrodecintioyarzun\/docs\/2015_narrenschiff_a5\"><img loading=\"lazy\" decoding=\"async\" class=\"size-full wp-image-2308 aligncenter\" src=\"http:\/\/www.decinti.com\/wp-content\/uploads\/2013\/04\/Captura-de-pantalla-completa-02102016-204357-e1475436210480.jpg\" alt=\"Captura de pantalla completa 02102016 204357\" width=\"1166\" height=\"827\" srcset=\"https:\/\/www.decinti.com\/wp-content\/uploads\/2013\/04\/Captura-de-pantalla-completa-02102016-204357-e1475436210480.jpg 1166w, https:\/\/www.decinti.com\/wp-content\/uploads\/2013\/04\/Captura-de-pantalla-completa-02102016-204357-e1475436210480-150x106.jpg 150w, https:\/\/www.decinti.com\/wp-content\/uploads\/2013\/04\/Captura-de-pantalla-completa-02102016-204357-e1475436210480-800x567.jpg 800w\" sizes=\"(max-width: 1166px) 100vw, 1166px\" \/><\/a><\/p>\n<h5><strong>2015 Das Narrenshiff<\/strong> Cat\u00e1logo Embajada de Chile en Berl\u00edn<\/h5>\n<h5><\/h5>\n<p><a href=\"http:\/\/magazine.hms.harvard.edu\/body-language\/magnify-and-simplify\"><img loading=\"lazy\" decoding=\"async\" class=\"size-full wp-image-2309 aligncenter\" src=\"http:\/\/www.decinti.com\/wp-content\/uploads\/2013\/04\/Captura-de-pantalla-completa-02102016-203549-e1475436185746.jpg\" alt=\"Captura de pantalla completa 02102016 203549\" width=\"731\" height=\"440\" srcset=\"https:\/\/www.decinti.com\/wp-content\/uploads\/2013\/04\/Captura-de-pantalla-completa-02102016-203549-e1475436185746.jpg 731w, https:\/\/www.decinti.com\/wp-content\/uploads\/2013\/04\/Captura-de-pantalla-completa-02102016-203549-e1475436185746-150x90.jpg 150w\" sizes=\"(max-width: 731px) 100vw, 731px\" \/><\/a><\/p>\n<h5><strong>Harvard Medicine, 2014.<\/strong> Body Language, Summer 2014, Volume 87, Number 2.<a href=\"http:\/\/hms.harvard.edu\/harvard-medicine\"> harvard.edu<\/a><\/h5>\n<h5><\/h5>\n<p><a href=\"https:\/\/issuu.com\/alejandrodecintioyarzun\/docs\/hochosterwitz-exhibition-german-version\"><img loading=\"lazy\" decoding=\"async\" class=\"size-full wp-image-2320 aligncenter\" src=\"http:\/\/www.decinti.com\/wp-content\/uploads\/2013\/04\/Captura-de-pantalla-completa-02102016-203830.jpg\" alt=\"Captura de pantalla completa 02102016 203830\" width=\"1200\" height=\"752\" srcset=\"https:\/\/www.decinti.com\/wp-content\/uploads\/2013\/04\/Captura-de-pantalla-completa-02102016-203830.jpg 1200w, https:\/\/www.decinti.com\/wp-content\/uploads\/2013\/04\/Captura-de-pantalla-completa-02102016-203830-150x94.jpg 150w, https:\/\/www.decinti.com\/wp-content\/uploads\/2013\/04\/Captura-de-pantalla-completa-02102016-203830-800x501.jpg 800w\" sizes=\"(max-width: 1200px) 100vw, 1200px\" \/><\/a><\/p>\n<h5><strong>La Celestina en el arte moderno. Una tragicomedia del Renacimiento, 2011.<\/strong>Galer\u00eda del Castillo Burg Hochosterwitz. Cat\u00e1logo 100 p\u00e1ginas. <a href=\"http:\/\/www.burg-hochosterwitz.com\/es\/\">burg-hochosterwitz.com<\/a><\/h5>\n<h5><\/h5>\n<p><a href=\"https:\/\/issuu.com\/alejandrodecintioyarzun\/docs\/33927918-kunst-in-hochosterwitz-art-brochure\"><img loading=\"lazy\" decoding=\"async\" class=\"size-full wp-image-2322 aligncenter\" src=\"http:\/\/www.decinti.com\/wp-content\/uploads\/2013\/04\/Captura-de-pantalla-completa-02102016-203924-e1475436157108.jpg\" alt=\"Captura de pantalla completa 02102016 203924\" width=\"1191\" height=\"732\" srcset=\"https:\/\/www.decinti.com\/wp-content\/uploads\/2013\/04\/Captura-de-pantalla-completa-02102016-203924-e1475436157108.jpg 1191w, https:\/\/www.decinti.com\/wp-content\/uploads\/2013\/04\/Captura-de-pantalla-completa-02102016-203924-e1475436157108-150x92.jpg 150w, https:\/\/www.decinti.com\/wp-content\/uploads\/2013\/04\/Captura-de-pantalla-completa-02102016-203924-e1475436157108-800x491.jpg 800w\" sizes=\"(max-width: 1191px) 100vw, 1191px\" \/><\/a><\/p>\n<h5><strong>Khevenhueller, temporis pons per saecula. Arte en Hochosterwitz, 2010.<\/strong> Galer\u00eda del Castillo Burg Hochosterwitz. Cat\u00e1logo 94 p\u00e1ginas. <a href=\"http:\/\/www.burg-hochosterwitz.com\/es\/\">burg-hochosterwitz.com<\/a><\/h5>\n<h5><\/h5>\n<p><a href=\"https:\/\/issuu.com\/alejandrodecintioyarzun\/docs\/ingenieros_y_constructores\"><img loading=\"lazy\" decoding=\"async\" class=\"size-full wp-image-2324 aligncenter\" src=\"http:\/\/www.decinti.com\/wp-content\/uploads\/2013\/04\/Captura-de-pantalla-completa-02102016-203654-e1475436100220.jpg\" alt=\"Captura de pantalla completa 02102016 203654\" width=\"1185\" height=\"588\" srcset=\"https:\/\/www.decinti.com\/wp-content\/uploads\/2013\/04\/Captura-de-pantalla-completa-02102016-203654-e1475436100220.jpg 1185w, https:\/\/www.decinti.com\/wp-content\/uploads\/2013\/04\/Captura-de-pantalla-completa-02102016-203654-e1475436100220-150x74.jpg 150w, https:\/\/www.decinti.com\/wp-content\/uploads\/2013\/04\/Captura-de-pantalla-completa-02102016-203654-e1475436100220-800x396.jpg 800w\" sizes=\"(max-width: 1185px) 100vw, 1185px\" \/><\/a><\/p>\n<h5><strong>Ingenieros y constructores navales espa\u00f1oles.<\/strong> Universidad Polit\u00e9cnica de Madrid.<\/h5>\n<h5><\/h5>\n<hr \/>\n<h1>V\u00eddeos<\/h1>\n<h3>Tres Miradas<\/h3>\n<p>Contreras, DeCinti y Villal\u00f3n. Centro Cultural de Acapulco. M\u00e9xico<\/p>\n<p style=\"text-align: center;\"><iframe loading=\"lazy\" style=\"border: none; overflow: hidden;\" src=\"https:\/\/www.facebook.com\/plugins\/video.php?height=314&amp;href=https%3A%2F%2Fwww.facebook.com%2FSecretariaDeCulturaDeGuerrero%2Fvideos%2F188852816212322%2F&amp;show_text=false&amp;width=560\" width=\"560\" height=\"314\" frameborder=\"0\" scrolling=\"no\" allowfullscreen=\"allowfullscreen\"><\/iframe><br \/>\nContreras, DeCinti y Villal\u00f3n. <strong>Museo\u00a0Casa Borda<\/strong> Centro Cultural Taxco de Alarc\u00f3n. M\u00e9xico<\/p>\n<p style=\"text-align: center;\"><iframe loading=\"lazy\" src=\"https:\/\/www.youtube.com\/embed\/gaz30p4w9ec\" width=\"560\" height=\"315\" frameborder=\"0\" allowfullscreen=\"allowfullscreen\"><\/iframe><\/p>\n<p>&nbsp;<\/p>\n<h3>Homenaje a Beethoven en Bonn<\/h3>\n<p>Johannes Paqu\u00e9 desde Bonn entrevista a\u00a0 los maestros Antonio M\u00e1ro\u00a0 y Rafael Ramirez M\u00e1ro desde B\u00e9lgica y Alejandro DeCinti desde Madrid.<\/p>\n<p style=\"text-align: center;\"><iframe loading=\"lazy\" src=\"https:\/\/www.youtube.com\/embed\/s6sh9muUOIk\" width=\"560\" height=\"315\" frameborder=\"0\" allowfullscreen=\"allowfullscreen\"><\/iframe><\/p>\n<h3>DV Espa\u00f1a M\u00e9xico conversa en TV Cuatro Arte<\/h3>\n<p style=\"text-align: left;\">La presentadora Tania Preciado con los artistas de DV Espa\u00f1a M\u00e9xico en el MIQ Museo Iconogr\u00e1fico del Quijote, en el 47\u00ba Festival Cervantino de Guanajuato<\/p>\n<p style=\"text-align: center;\"><iframe loading=\"lazy\" src=\"https:\/\/www.youtube.com\/embed\/LbkmvPPrPdY\" width=\"560\" height=\"315\" frameborder=\"0\" allowfullscreen=\"allowfullscreen\"><\/iframe><\/p>\n<h3>Telecinco:\u00a0<em>2017 Antonio Decinti en S\u00e1lvame<\/em><\/h3>\n<address>Representando a la escuela de pintura tradicional al \u00f3leo DeCinti Villal\u00f3n Madrid, Antonio DeCinti recrear\u00e1 grandes obras maestras del arte espa\u00f1ol homenajeando a sus pintores y a los protagonistas de Telecinco a trav\u00e9s de ingeniosos retratos de gran exigencia art\u00edstica.<\/address>\n<p style=\"text-align: center;\"><iframe loading=\"lazy\" src=\"https:\/\/www.youtube.com\/embed\/mjHt3qqiclQ\" width=\"560\" height=\"315\" frameborder=\"0\" allowfullscreen=\"allowfullscreen\"><\/iframe><\/p>\n<hr \/>\n<h3>Televisi\u00f3n Austr\u00edaca:\u00a0<em>2010 Khevenhueller, temporis pons per saecula. 2011 La Celestina<\/em><\/h3>\n<address>DeCinti y Villal\u00f3n en Austria, televisi\u00f3n Austr\u00edaca. A trav\u00e9s de una selecci\u00f3n de obras cl\u00e1sicas (Tintoretto, Pantoja de la Cruz) y contempor\u00e1neas se ofrece al visitante un recorrido por la estrecha relaci\u00f3n del Castillo Hochosterwitz y los Khevenh\u00fcller en la historia pol\u00edtica, social y art\u00edstica europea desde el Renacimiento, con textos del actual Conde Karl Khevenh\u00fcller y del historiador espa\u00f1ol Alfredo Alvar_Ezquerra y la presentaci\u00f3n del Historiador del arte Ra\u00fal Alonso. Retratos de la familia Khevenh\u00fcller por Alejandro Decinti y una selecci\u00f3n de pinturas de Oscar Villal\u00f3n.<\/address>\n<p style=\"text-align: center;\"><iframe loading=\"lazy\" src=\"http:\/\/www.youtube.com\/embed\/2uFGpeTgfVI\" width=\"560\" height=\"349\" frameborder=\"0\"><\/iframe><\/p>\n<p style=\"text-align: center;\"><iframe loading=\"lazy\" src=\"\/\/www.youtube.com\/embed\/34KCNWZVg28\" width=\"560\" height=\"315\" frameborder=\"0\" allowfullscreen=\"allowfullscreen\"><\/iframe><\/p>\n<hr \/>\n<h3>TVE Televisi\u00f3n Espa\u00f1ola:<\/h3>\n<address>Reportaje realizado por la TVE(Televisi\u00f3n Espa\u00f1ola) a la colecci\u00f3n de retratos de Ingenieros y Constructores Navales Espa\u00f1oles pintados por Alejandro Decinti y Oscar Villal\u00f3n y de la exposici\u00f3n de la escuela de pintura Artedv en la Universidad Polit\u00e9cnica de Madrid.<\/address>\n<address>\n<p style=\"text-align: center;\"><iframe loading=\"lazy\" style=\"font-style: normal;\" src=\"http:\/\/www.youtube.com\/embed\/idTF2b_81BU\" width=\"560\" height=\"349\" frameborder=\"0\"><\/iframe><\/p>\n<\/address>\n<hr \/>\n<h3>TeleMadrid: Reportaje a nuestra academia<\/h3>\n<address>Un equipo de telemadrid nos ha acompa\u00f1ado en nuestro estudio de calle Del Castillo n\u00ba 4 y ha cubierto adem\u00e1s la exposici\u00f3n<strong>&#8220;Descubriendo la Realidad&#8221;<\/strong><\/address>\n<p style=\"text-align: center;\"><iframe loading=\"lazy\" src=\"http:\/\/www.youtube.com\/embed\/Dp32_RrGfNw\" width=\"560\" height=\"349\" frameborder=\"0\"><\/iframe><\/p>\n<hr \/>\n<h3>Youtube<\/h3>\n<p>&nbsp;<\/p>\n<h5>Presentaci\u00f3n de Rafael Ram\u00edrez M\u00e1ro a la exposici\u00f3n Las Metamorfosis<\/h5>\n<p style=\"text-align: center;\"><iframe loading=\"lazy\" src=\"https:\/\/www.youtube.com\/embed\/vdA-QS1kHG4\" width=\"640\" height=\"360\" frameborder=\"0\" allowfullscreen=\"allowfullscreen\"><\/iframe><\/p>\n<h5>Entrevista RadioZ N\u00fcrenberg<\/h5>\n<p style=\"text-align: center;\"><iframe loading=\"lazy\" src=\"https:\/\/www.youtube.com\/embed\/IZz17EupIA0\" width=\"560\" height=\"315\" frameborder=\"0\" allowfullscreen=\"allowfullscreen\"><\/iframe><\/p>\n<hr \/>\n<h5>Concurso Alhambra<\/h5>\n<p style=\"text-align: center;\"><iframe loading=\"lazy\" src=\"\/\/www.youtube.com\/embed\/03HVNk_lhy4\" width=\"500\" height=\"400\" frameborder=\"0\" allowfullscreen=\"allowfullscreen\"><\/iframe><\/p>\n<hr \/>\n<h5>Fotograf\u00eda para pintores<\/h5>\n<p style=\"text-align: center;\"><iframe loading=\"lazy\" src=\"\/\/www.youtube.com\/embed\/Y7EHZAdXqY8\" width=\"500\" height=\"400\" frameborder=\"0\" allowfullscreen=\"allowfullscreen\"><\/iframe><\/p>\n<h5>Exposici\u00f3n Metro de Madrid<\/h5>\n<p style=\"text-align: center;\"><iframe loading=\"lazy\" src=\"\/\/www.youtube.com\/embed\/qaPMMGkTcYM\" width=\"500\" height=\"400\" frameborder=\"0\" allowfullscreen=\"allowfullscreen\"><\/iframe><\/p>\n","protected":false},"excerpt":{"rendered":"<p>DeCinti. Obras 2001-2015 M\u00e1s de 100 obras con detalles. Pinturas de Alejandro DeCinti, con texto cr\u00edtico de Ra\u00fal Alonso y cuento de Luis Nu\u00f1o Editorial: DV Madrid Lengua: Espa\u00f1ol Encuadernaci\u00f3n: Tapa dura. 164 p\u00e1ginas. A\u00f1o edici\u00f3n: 2016 Pa\u00eds: Espa\u00f1a www.artedv.com La Celestina en el Arte Moderno. Una tragicomedia del Renacimiento Grabados de Pablo Picasso. Pinturas [&#8230;]<\/p>\n","protected":false},"author":1,"featured_media":0,"parent":0,"menu_order":0,"comment_status":"closed","ping_status":"open","template":"page.beta.php","meta":{"_acf_changed":false,"footnotes":""},"acf":[],"jetpack_sharing_enabled":true,"_links":{"self":[{"href":"https:\/\/www.decinti.com\/en\/wp-json\/wp\/v2\/pages\/233"}],"collection":[{"href":"https:\/\/www.decinti.com\/en\/wp-json\/wp\/v2\/pages"}],"about":[{"href":"https:\/\/www.decinti.com\/en\/wp-json\/wp\/v2\/types\/page"}],"author":[{"embeddable":true,"href":"https:\/\/www.decinti.com\/en\/wp-json\/wp\/v2\/users\/1"}],"replies":[{"embeddable":true,"href":"https:\/\/www.decinti.com\/en\/wp-json\/wp\/v2\/comments?post=233"}],"version-history":[{"count":22,"href":"https:\/\/www.decinti.com\/en\/wp-json\/wp\/v2\/pages\/233\/revisions"}],"predecessor-version":[{"id":3692,"href":"https:\/\/www.decinti.com\/en\/wp-json\/wp\/v2\/pages\/233\/revisions\/3692"}],"wp:attachment":[{"href":"https:\/\/www.decinti.com\/en\/wp-json\/wp\/v2\/media?parent=233"}],"curies":[{"name":"wp","href":"https:\/\/api.w.org\/{rel}","templated":true}]}}